{"version":"1.0","provider_name":"Domaine du Rayol","provider_url":"https:\/\/www.domainedurayol.org\/en","author_name":"IRIS Interactive","author_url":"https:\/\/www.domainedurayol.org\/en\/author\/iris-interactive\/","title":"Rendez-vous aux jardins - Domaine du Rayol","type":"rich","width":600,"height":338,"html":"<blockquote class=\"wp-embedded-content\" data-secret=\"4YyOm1URLZ\"><a href=\"https:\/\/www.domainedurayol.org\/en\/evenement\/fete-de-lete\/\">Rendez-vous aux jardins<\/a><\/blockquote><iframe sandbox=\"allow-scripts\" security=\"restricted\" src=\"https:\/\/www.domainedurayol.org\/en\/evenement\/fete-de-lete\/embed\/#?secret=4YyOm1URLZ\" width=\"600\" height=\"338\" title=\"&#8220;Rendez-vous aux jardins&#8221; &#8212; Domaine du Rayol\" data-secret=\"4YyOm1URLZ\" frameborder=\"0\" marginwidth=\"0\" marginheight=\"0\" scrolling=\"no\" class=\"wp-embedded-content\"><\/iframe><script type=\"text\/javascript\">\n\/* <![CDATA[ *\/\n\/*! This file is auto-generated *\/\n!function(d,l){\"use strict\";l.querySelector&&d.addEventListener&&\"undefined\"!=typeof URL&&(d.wp=d.wp||{},d.wp.receiveEmbedMessage||(d.wp.receiveEmbedMessage=function(e){var t=e.data;if((t||t.secret||t.message||t.value)&&!\/[^a-zA-Z0-9]\/.test(t.secret)){for(var s,r,n,a=l.querySelectorAll('iframe[data-secret=\"'+t.secret+'\"]'),o=l.querySelectorAll('blockquote[data-secret=\"'+t.secret+'\"]'),c=new RegExp(\"^https?:$\",\"i\"),i=0;i<o.length;i++)o[i].style.display=\"none\";for(i=0;i<a.length;i++)s=a[i],e.source===s.contentWindow&&(s.removeAttribute(\"style\"),\"height\"===t.message?(1e3<(r=parseInt(t.value,10))?r=1e3:~~r<200&&(r=200),s.height=r):\"link\"===t.message&&(r=new URL(s.getAttribute(\"src\")),n=new URL(t.value),c.test(n.protocol))&&n.host===r.host&&l.activeElement===s&&(d.top.location.href=t.value))}},d.addEventListener(\"message\",d.wp.receiveEmbedMessage,!1),l.addEventListener(\"DOMContentLoaded\",function(){for(var e,t,s=l.querySelectorAll(\"iframe.wp-embedded-content\"),r=0;r<s.length;r++)(t=(e=s[r]).getAttribute(\"data-secret\"))||(t=Math.random().toString(36).substring(2,12),e.src+=\"#?secret=\"+t,e.setAttribute(\"data-secret\",t)),e.contentWindow.postMessage({message:\"ready\",secret:t},\"*\")},!1)))}(window,document);\n\/* ]]> *\/\n<\/script>\n","thumbnail_url":"https:\/\/www.domainedurayol.org\/en\/wp-content\/uploads\/sites\/4\/2017\/05\/affiche-rendez-vous-aux-jardins-domaine-du-rayol-e1494412369561.jpg","thumbnail_width":1000,"thumbnail_height":1500,"description":"\u00ab Le partage au jardin \u00bb, tel est le th\u00e8me retenu par le Minist\u00e8re de la Culture et de la Communication pour les \u00ab Rendez-vous aux Jardins \u00bb qui se d\u00e9rouleront samedi 3 et dimanche 4 juin 2017. Au Domaine du Rayol, o\u00f9 Gilles Cl\u00e9ment a cr\u00e9\u00e9 Le Jardin des M\u00e9diterran\u00e9es, v\u00e9ritable invitation au voyage, les visiteurs partagent, lors d'une visite, \u00ab tour du monde \u00bb des paysages m\u00e9diterran\u00e9ens, les \u00e9motions \u00e9prouv\u00e9es par un explorateur botaniste qui arpente la plan\u00e8te. Au fil des pays et continents travers\u00e9s (Californie, Chili, Afrique du Sud, Australie, Nouvelle-Z\u00e9lande, Mexique\u2026), les guides du Domaine du Rayol vous invitent \u00e0 la d\u00e9couverte de l\u2019histoire du Domaine, de ses premiers propri\u00e9taires \u00e0 son acquisition par le Conservatoire du littoral en 1989, des plantes et des leurs secrets. Pour cette 15e \u00e9dition des Rendez-vous aux Jardins, le Domaine du Rayol propose quatre visites guid\u00e9es par jour (incluses dans le prix d\u2019entr\u00e9e), le partage de savoirs et exp\u00e9riences avec les jardiniers \u00e0 la P\u00e9pini\u00e8re \u00e9cologique du Domaine, le vernissage de l\u2019exposition \u00ab Entre ciels et verts \u00bb (huiles sur toile de Ninon Anger), et la d\u00e9couverte d\u2019une installation d\u2019art environnemental mobile, \u00ab Birdland \u00bb, plage graphique dans la grande perspective du Domaine du Rayol, propos\u00e9e par les \u00c9oliens, jardiniers du vent. Enfin, La Librairie des Jardiniers proposera une s\u00e9lection d\u2019ouvrages sp\u00e9cial \u00ab Rendez-vous aux Jardins \u00bb. Informations pratiques : - Visite guid\u00e9e \u00ab d\u00e9couverte \u00bb du Jardin des M\u00e9diterran\u00e9es : Samedi et dimanche \u00e0 10h30, 14h30, 15h30, 16h30. Dur\u00e9e : 2h le matin, 1h l\u2019apr\u00e8s-midi. Sans r\u00e9servation. - Conseils de jardinage \u00e0 la P\u00e9pini\u00e8re : de 11h \u00e0 18h30. - Vernissage de l\u2019exposition \u00ab Entre ciels et verts \u00bb, huiles sur toile de Ninon Anger : Samedi 3 juin \u00e0 18h. Exposition \u00e0 voir au Domaine du Rayol jusqu\u2019au 24 septembre 2017. - \u00ab Birdland \u00bb, installation d\u2019art environnemental mobile, dans la grande perspective du Domaine du Rayol, propos\u00e9e par les \u00c9oliens, jardiniers du vent. A voir au Domaine du Rayol jusqu\u2019au 1er octobre 2017. - Au restaurant Le Caf\u00e9 des Jardiniers, d\u00e9jeuner et pause gourmande en terrasse au c\u0153ur du jardin. Ouverture du Jardin et de La Librairie des Jardiniers : de 9h30 \u00e0 18h30 sans interruption. Tarifs : Adulte : 11 \u20ac \/ 6-17 ans : 8 \u20ac \/ Moins de 6 ans : gratuit \/ Famille : 26 \u20ac Librairie et P\u00e9pini\u00e8re en acc\u00e8s libre, ind\u00e9pendamment de l\u2019entr\u00e9e au Jardin. Renseignements : 04 98 04 44 00."}